{"version":"1.0","provider_name":"NOTABENE.WORLD","provider_url":"https:\/\/notabene.world\/nb","author_name":"Ma\u0142gorzata Lechowicz","author_url":"https:\/\/notabene.world\/nb\/author\/mal-lech\/","title":"2022, kt\u00f3ry wszystko zmieni\u0142 - NOTABENE.WORLD","type":"rich","width":600,"height":338,"html":"<blockquote class=\"wp-embedded-content\" data-secret=\"K0Wt48xDML\"><a href=\"https:\/\/notabene.world\/nb\/2022-ktory-wszystko-zmienil\/\">2022, kt\u00f3ry wszystko zmieni\u0142<\/a><\/blockquote><iframe sandbox=\"allow-scripts\" security=\"restricted\" src=\"https:\/\/notabene.world\/nb\/2022-ktory-wszystko-zmienil\/embed\/#?secret=K0Wt48xDML\" width=\"600\" height=\"338\" title=\"&#8222;2022, kt\u00f3ry wszystko zmieni\u0142&#8221; &#8212; NOTABENE.WORLD\" data-secret=\"K0Wt48xDML\" frameborder=\"0\" marginwidth=\"0\" marginheight=\"0\" scrolling=\"no\" class=\"wp-embedded-content\"><\/iframe><script type=\"text\/javascript\">\n\/* <![CDATA[ *\/\n\/*! This file is auto-generated *\/\n!function(d,l){\"use strict\";l.querySelector&&d.addEventListener&&\"undefined\"!=typeof URL&&(d.wp=d.wp||{},d.wp.receiveEmbedMessage||(d.wp.receiveEmbedMessage=function(e){var t=e.data;if((t||t.secret||t.message||t.value)&&!\/[^a-zA-Z0-9]\/.test(t.secret)){for(var s,r,n,a=l.querySelectorAll('iframe[data-secret=\"'+t.secret+'\"]'),o=l.querySelectorAll('blockquote[data-secret=\"'+t.secret+'\"]'),c=new RegExp(\"^https?:$\",\"i\"),i=0;i<o.length;i++)o[i].style.display=\"none\";for(i=0;i<a.length;i++)s=a[i],e.source===s.contentWindow&&(s.removeAttribute(\"style\"),\"height\"===t.message?(1e3<(r=parseInt(t.value,10))?r=1e3:~~r<200&&(r=200),s.height=r):\"link\"===t.message&&(r=new URL(s.getAttribute(\"src\")),n=new URL(t.value),c.test(n.protocol))&&n.host===r.host&&l.activeElement===s&&(d.top.location.href=t.value))}},d.addEventListener(\"message\",d.wp.receiveEmbedMessage,!1),l.addEventListener(\"DOMContentLoaded\",function(){for(var e,t,s=l.querySelectorAll(\"iframe.wp-embedded-content\"),r=0;r<s.length;r++)(t=(e=s[r]).getAttribute(\"data-secret\"))||(t=Math.random().toString(36).substring(2,12),e.src+=\"#?secret=\"+t,e.setAttribute(\"data-secret\",t)),e.contentWindow.postMessage({message:\"ready\",secret:t},\"*\")},!1)))}(window,document);\n\/\/# sourceURL=https:\/\/notabene.world\/nb\/wp-includes\/js\/wp-embed.min.js\n\/* ]]> *\/\n<\/script>\n","thumbnail_url":"https:\/\/notabene.world\/nb\/wp-content\/uploads\/2025\/09\/mlech-2022.jpg","thumbnail_width":800,"thumbnail_height":445,"description":"Od 2022 roku jestem czynn\u0105 wolontariuszk\u0105 i wsp\u00f3\u0142pracowniczk\u0105 PCK i hiszpa\u0144skiego Cruz Roja w programach pomocowych dla uchod\u017ac\u00f3w jako lektorka J\u0119zyka Polskiego jako J\u0119zyka Obcego (JPJO). Poproszono mnie, abym w roku jubileuszu 300- lecia istnienia mojej \"budy\" skre\u015bli\u0142a par\u0119 s\u0142\u00f3w do \"NOTABENE\". Chcia\u0142am pisa\u0107 o postaciach bardziej zas\u0142u\u017conych dla szko\u0142y i dla Polski, ale sugestia by\u0142a jednak taka, \u017ce powinnam napisa\u0107 co\u015b o sobie. Pisa\u0107 o sobie nie jest mi \u0142atwo, bo pisa\u0107 o sobie nie umiem. Umiem pisa\u0107 o Sprawie.\u00a0 Obserwuj\u0119 t\u0119 umiej\u0119tno\u015b\u0107 z rado\u015bci\u0105 i dum\u0105 i innych, o wiele ode mnie zdolniejszych absolwent\u00f3w \u017beroma, kt\u00f3rym nie jest wszystko jedno, i kt\u00f3rzy potrafi\u0105 nada\u0107 sprawie kszta\u0142t ksi\u0105\u017ckowy b\u0105d\u017a sceniczny. Jak\u00a0 wspomnia\u0142am wy\u017cej, ostatnie lata mojego \u017cycia\u00a0 zosta\u0142y zdeterminowane przez wojn\u0119 w Ukrainie i przez prac\u0119 dla i z uchod\u017acami wojennymi ale nie tylko. Tak\u017ce z lud\u017ami uciekaj\u0105cymi przed dyktaturami wojskowymi i politycznymi. Do lutego 2022 roku \u017cy\u0142am sobie w spokojnie na\u00a0 warszawskim Mokotowie - nie przypuszczaj\u0105c w najgorszych snach, \u017ce po 2 latach covidowej stagnacji przyjdzie nam si\u0119 zmierzy\u0107 z czym\u015b jeszcze gorszym i r\u00f3wnie niespodziewanym - wojn\u0105 u naszych ukrai\u0144skich s\u0105siad\u00f3w. Tak jak wi\u0119kszo\u015b\u0107 z nas w tamtym czasie sta\u0142am si\u0119 cz\u0119\u015bci\u0105 wielkiego, obywatelskiego, pomocowego zrywu. Zw\u0142aszcza, \u017ce przez pierwsze dwa tygodnie wojny pomoc dla uchod\u017ac\u00f3w w Warszawie organizowali\u015bmy sami - zwykli mieszka\u0144cy stolicy . To by\u0142o bardzo buduj\u0105ce do\u015bwiadczenie, \u017ce dali\u015bmy rad\u0119 bez wsparcia pa\u0144stwa czy wielkich organizacji pomocowych."}