{"version":"1.0","provider_name":"NOTABENE.WORLD","provider_url":"https:\/\/notabene.world\/nb","author_name":"Maciej A. Zar\u0119bski","author_url":"https:\/\/notabene.world\/nb\/author\/mac-zar\/","title":"Antoni Bie\u017canek - m\u00f3j dyrektor w \"\u017beromskim\" - NOTABENE.WORLD","type":"rich","width":600,"height":338,"html":"<blockquote class=\"wp-embedded-content\" data-secret=\"RBOAWbYGhL\"><a href=\"https:\/\/notabene.world\/nb\/antoni-biezanek-moj-dyrektor-w-zeromskim\/\">Antoni Bie\u017canek &#8211; m\u00f3j dyrektor w &#8222;\u017beromskim&#8221;<\/a><\/blockquote><iframe sandbox=\"allow-scripts\" security=\"restricted\" src=\"https:\/\/notabene.world\/nb\/antoni-biezanek-moj-dyrektor-w-zeromskim\/embed\/#?secret=RBOAWbYGhL\" width=\"600\" height=\"338\" title=\"&#8222;Antoni Bie\u017canek &#8211; m\u00f3j dyrektor w &#8222;\u017beromskim&#8221;&#8221; &#8212; NOTABENE.WORLD\" data-secret=\"RBOAWbYGhL\" frameborder=\"0\" marginwidth=\"0\" marginheight=\"0\" scrolling=\"no\" class=\"wp-embedded-content\"><\/iframe><script type=\"text\/javascript\">\n\/* <![CDATA[ *\/\n\/*! This file is auto-generated *\/\n!function(d,l){\"use strict\";l.querySelector&&d.addEventListener&&\"undefined\"!=typeof URL&&(d.wp=d.wp||{},d.wp.receiveEmbedMessage||(d.wp.receiveEmbedMessage=function(e){var t=e.data;if((t||t.secret||t.message||t.value)&&!\/[^a-zA-Z0-9]\/.test(t.secret)){for(var s,r,n,a=l.querySelectorAll('iframe[data-secret=\"'+t.secret+'\"]'),o=l.querySelectorAll('blockquote[data-secret=\"'+t.secret+'\"]'),c=new RegExp(\"^https?:$\",\"i\"),i=0;i<o.length;i++)o[i].style.display=\"none\";for(i=0;i<a.length;i++)s=a[i],e.source===s.contentWindow&&(s.removeAttribute(\"style\"),\"height\"===t.message?(1e3<(r=parseInt(t.value,10))?r=1e3:~~r<200&&(r=200),s.height=r):\"link\"===t.message&&(r=new URL(s.getAttribute(\"src\")),n=new URL(t.value),c.test(n.protocol))&&n.host===r.host&&l.activeElement===s&&(d.top.location.href=t.value))}},d.addEventListener(\"message\",d.wp.receiveEmbedMessage,!1),l.addEventListener(\"DOMContentLoaded\",function(){for(var e,t,s=l.querySelectorAll(\"iframe.wp-embedded-content\"),r=0;r<s.length;r++)(t=(e=s[r]).getAttribute(\"data-secret\"))||(t=Math.random().toString(36).substring(2,12),e.src+=\"#?secret=\"+t,e.setAttribute(\"data-secret\",t)),e.contentWindow.postMessage({message:\"ready\",secret:t},\"*\")},!1)))}(window,document);\n\/\/# sourceURL=https:\/\/notabene.world\/nb\/wp-includes\/js\/wp-embed.min.js\n\/* ]]> *\/\n<\/script>\n","thumbnail_url":"https:\/\/notabene.world\/nb\/wp-content\/uploads\/2025\/08\/mcz-zdj.-1.jpg","thumbnail_width":800,"thumbnail_height":445,"description":"Kt\u00f3\u017c z nas \u017beromszczak\u00f3w \u2013 absolwent\u00f3w tego s\u0142awnego liceum, nie wspomina z \u0142ezk\u0105 w oku swoich nauczycieli, a przede wszystkim dyrektora. Moim by\u0142 legendarny profesor Antoni Bie\u017canek. Funkcj\u0119 dyrektorsk\u0105 sprawowa\u0142 od roku 1947 (do 1962). Kiedy rozpoczyna\u0142em w roku 1956 nauk\u0119 w Pa\u0144stwowej Szkole Og\u00f3lnokszta\u0142c\u0105cej Stopnia Licealnego im. Stefana \u017beromskiego (od roku 1960 szko\u0142a nosi nazw\u0105 I Liceum im. Stefana \u017beromskiego) profesor Bie\u017canek by\u0142 jedn\u0105 z najbardziej znanych postaci Kielc, ciesz\u0105c\u0105 si\u0119 du\u017c\u0105\u00a0 popularno\u015bci\u0105. Z drugiej strony zaufaniem darzy\u0142a go w\u0142adza ludowa, kt\u00f3rej przedstawicielom nierzadko pomaga\u0142 uzupe\u0142nia\u0107 wykszta\u0142cenie. Ogromny autorytet mia\u0142 tak\u017ce u swoich wsp\u00f3\u0142pracownik\u00f3w, kt\u00f3rzy widzieli w nim rzeczywistego rzecznika i nierzadko przyjaciela. A by\u0142y to czasy samow\u0142adzy Zwi\u0105zku M\u0142odzie\u017cy Polskiej, okres tzw. kultu jednostki. Osobom posiadaj\u0105cym rzeczywisty autorytet moralny nie \u0142atwo by\u0142o realizowa\u0107 odpowiedzialne zadania. I chocia\u017c od roku 1948 dyrektor Bie\u017canek nale\u017ca\u0142 do PZPR, a w latach 1948-49 by\u0142 formalnym opiekunem ZMP, to wg opinii wsp\u00f3\u0142pracownik\u00f3w i m\u0142odzie\u017cy, dzi\u0119ki jego zdecydowanej postawie rzadko dochodzi\u0142o do sytuacji dwuznacznych, dra\u017cliwych i konfliktowych. Dyrektor nie uprawia\u0142 nigdy ha\u0142a\u015bliwej propagandy i nie dopuszcza\u0142 do\u00a0 jej \u00a0stosowania w kierowanej przez siebie szkole. By\u0142 \u015bwietnym pedagogiem. Mnie uczy\u0142 logiki, ale tak\u017ce prowadzi\u0142 lekcje z historii i j\u0119zyka polskiego. Niezwykle opanowany, wz\u00f3r spokoju i pob\u0142a\u017cliwo\u015bci, a r\u00f3wnocze\u015bnie stanowczo\u015bci i konsekwencji w realizacji stawianych sobie cel\u00f3w. Umia\u0142 wywo\u0142a\u0107 i poprowadzi\u0107 dyskusj\u0119, a tak\u017ce zach\u0119ci\u0107 do pracy na rzecz szko\u0142y i spo\u0142eczno\u015bci lokalnej. Na lekcjach nigdy nie podnosi\u0142 g\u0142osu. Szanowali\u015bmy dyrektora, w pe\u0142ni czuj\u0105c jego ojcowsk\u0105 r\u0119k\u0119. I co ciekawe wierzyli\u015bmy, \u017ce uwielbiany przez nas \u201edyro\u201d nie ma wrog\u00f3w. Dawa\u0142o to tak potrzebny w tamtych czasach spok\u00f3j i stabilizacj\u0119. Pami\u0119tam, \u017ce by\u0142 niezwykle wyrozumia\u0142y w stosunku do naszych szkolnych wybryk\u00f3w, pob\u0142a\u017cliwie traktuj\u0105c dowcipnisi\u00f3w."}