{"version":"1.0","provider_name":"NOTABENE.WORLD","provider_url":"https:\/\/notabene.world\/nb","author_name":"C vel K","author_url":"https:\/\/notabene.world\/nb\/author\/kcedro\/","title":"Bez fajerwerk\u00f3w. Nie urodzi\u0142em si\u0119 4 lipca - NOTABENE.WORLD","type":"rich","width":600,"height":338,"html":"<blockquote class=\"wp-embedded-content\" data-secret=\"XjiEJcGD5w\"><a href=\"https:\/\/notabene.world\/nb\/bez-fajerwerkow-nie-urodzilem-sie-4-lipca\/\">Bez fajerwerk\u00f3w. Nie urodzi\u0142em si\u0119 4 lipca<\/a><\/blockquote><iframe sandbox=\"allow-scripts\" security=\"restricted\" src=\"https:\/\/notabene.world\/nb\/bez-fajerwerkow-nie-urodzilem-sie-4-lipca\/embed\/#?secret=XjiEJcGD5w\" width=\"600\" height=\"338\" title=\"&#8222;Bez fajerwerk\u00f3w. Nie urodzi\u0142em si\u0119 4 lipca&#8221; &#8212; NOTABENE.WORLD\" data-secret=\"XjiEJcGD5w\" frameborder=\"0\" marginwidth=\"0\" marginheight=\"0\" scrolling=\"no\" class=\"wp-embedded-content\"><\/iframe><script type=\"text\/javascript\">\n\/* <![CDATA[ *\/\n\/*! This file is auto-generated *\/\n!function(d,l){\"use strict\";l.querySelector&&d.addEventListener&&\"undefined\"!=typeof URL&&(d.wp=d.wp||{},d.wp.receiveEmbedMessage||(d.wp.receiveEmbedMessage=function(e){var t=e.data;if((t||t.secret||t.message||t.value)&&!\/[^a-zA-Z0-9]\/.test(t.secret)){for(var s,r,n,a=l.querySelectorAll('iframe[data-secret=\"'+t.secret+'\"]'),o=l.querySelectorAll('blockquote[data-secret=\"'+t.secret+'\"]'),c=new RegExp(\"^https?:$\",\"i\"),i=0;i<o.length;i++)o[i].style.display=\"none\";for(i=0;i<a.length;i++)s=a[i],e.source===s.contentWindow&&(s.removeAttribute(\"style\"),\"height\"===t.message?(1e3<(r=parseInt(t.value,10))?r=1e3:~~r<200&&(r=200),s.height=r):\"link\"===t.message&&(r=new URL(s.getAttribute(\"src\")),n=new URL(t.value),c.test(n.protocol))&&n.host===r.host&&l.activeElement===s&&(d.top.location.href=t.value))}},d.addEventListener(\"message\",d.wp.receiveEmbedMessage,!1),l.addEventListener(\"DOMContentLoaded\",function(){for(var e,t,s=l.querySelectorAll(\"iframe.wp-embedded-content\"),r=0;r<s.length;r++)(t=(e=s[r]).getAttribute(\"data-secret\"))||(t=Math.random().toString(36).substring(2,12),e.src+=\"#?secret=\"+t,e.setAttribute(\"data-secret\",t)),e.contentWindow.postMessage({message:\"ready\",secret:t},\"*\")},!1)))}(window,document);\n\/\/# sourceURL=https:\/\/notabene.world\/nb\/wp-includes\/js\/wp-embed.min.js\n\/* ]]> *\/\n<\/script>\n","thumbnail_url":"https:\/\/notabene.world\/nb\/wp-content\/uploads\/2025\/07\/jl4.jpg","thumbnail_width":800,"thumbnail_height":445,"description":"Teraz ju\u017c jest noc i wok\u00f3\u0142 tak ciemno, lecz nam nie jest wszystko jedno. Ja przynajmniej czasu nie liczmy, gdy w domu zimno, okna zamykam, wk\u0142adam szlafmyc\u0119. Nasz czarny kotek za\u015b wlaz\u0142 na p\u0142otek i mruga. \u0141adna to piosneczka, nie d\u0142uga. Nie d\u0142uga, nie kr\u00f3tka, lecz w sam raz. Za\u015bpiewaj koteczku jeszcze raz. Doczekali\u015bmy mrocznych czas\u00f3w, gdy neofaszystowski populizm (tak, nie b\u00f3jmy si\u0119 tego okre\u015blenia) emanuje z wymarzonej przez tak wielu Ameryki, wci\u0105gaj\u0105c nas wszystkich w globalno-lokalny pojedynek na g\u0119by. Trumpowski ruch MAGA (Make America Great Again) szale\u0144czo i cynicznie zaw\u0142adn\u0105\u0142 umys\u0142ami nieznacznej wi\u0119kszo\u015bci ma\u0142omiasteczkowej Ameryki. Donald Trump bezlito\u015bnie zadekretowa\u0142 masowe deportacje domniemanych nelegalnych imigrant\u00f3w. Odbywa si\u0119 to wszystko niejako \"poza trybem\", po\u015br\u00f3d \u0142ez sp\u0142ywaj\u0105cych bezsilnie po policzkach nowojorskiej Statuy Wolno\u015bci. Tej samej, kt\u00f3ra - odk\u0105d pami\u0119tamy - stanowi\u0142a dla uchod\u017ac\u00f3w i emigrant\u00f3w ze \u015bwiata symbol lepszego, godniejszego \u017cycia. Haniebne wzorce zza oceanu usi\u0142uj\u0105 przeszczepi\u0107 na nasz europejski i polski grunt rodzimi trumpi\u015bci, a w\u0142a\u015bciwie m\u0119tni i pokr\u0119tni B\u0105kiewicze et consortes, nakr\u0119caj\u0105cy antyuchod\u017acz\u0105 i antyimigranck\u0105 spiral\u0119 zagro\u017cenia i nienawi\u015bci. Dzieje si\u0119 to w chrze\u015bcija\u0144skiej Polsce, gdzie mi\u0142o\u015b\u0107 bli\u017aniego w potrzebie winna by\u0107 dla nas wszystkich najwy\u017cszym nakazem...?"}