{"version":"1.0","provider_name":"NOTABENE.WORLD","provider_url":"https:\/\/notabene.world\/nb","author_name":"C vel K","author_url":"https:\/\/notabene.world\/nb\/author\/kcedro\/","title":"Europejskie metamorfozy. Polska korrida 2025\/2026 - NOTABENE.WORLD","type":"rich","width":600,"height":338,"html":"<blockquote class=\"wp-embedded-content\" data-secret=\"Y523f1BrWE\"><a href=\"https:\/\/notabene.world\/nb\/europejskie-metamorfozy\/\">Europejskie metamorfozy. Polska korrida 2025\/2026<\/a><\/blockquote><iframe sandbox=\"allow-scripts\" security=\"restricted\" src=\"https:\/\/notabene.world\/nb\/europejskie-metamorfozy\/embed\/#?secret=Y523f1BrWE\" width=\"600\" height=\"338\" title=\"&#8222;Europejskie metamorfozy. Polska korrida 2025\/2026&#8221; &#8212; NOTABENE.WORLD\" data-secret=\"Y523f1BrWE\" frameborder=\"0\" marginwidth=\"0\" marginheight=\"0\" scrolling=\"no\" class=\"wp-embedded-content\"><\/iframe><script type=\"text\/javascript\">\n\/* <![CDATA[ *\/\n\/*! This file is auto-generated *\/\n!function(d,l){\"use strict\";l.querySelector&&d.addEventListener&&\"undefined\"!=typeof URL&&(d.wp=d.wp||{},d.wp.receiveEmbedMessage||(d.wp.receiveEmbedMessage=function(e){var t=e.data;if((t||t.secret||t.message||t.value)&&!\/[^a-zA-Z0-9]\/.test(t.secret)){for(var s,r,n,a=l.querySelectorAll('iframe[data-secret=\"'+t.secret+'\"]'),o=l.querySelectorAll('blockquote[data-secret=\"'+t.secret+'\"]'),c=new RegExp(\"^https?:$\",\"i\"),i=0;i<o.length;i++)o[i].style.display=\"none\";for(i=0;i<a.length;i++)s=a[i],e.source===s.contentWindow&&(s.removeAttribute(\"style\"),\"height\"===t.message?(1e3<(r=parseInt(t.value,10))?r=1e3:~~r<200&&(r=200),s.height=r):\"link\"===t.message&&(r=new URL(s.getAttribute(\"src\")),n=new URL(t.value),c.test(n.protocol))&&n.host===r.host&&l.activeElement===s&&(d.top.location.href=t.value))}},d.addEventListener(\"message\",d.wp.receiveEmbedMessage,!1),l.addEventListener(\"DOMContentLoaded\",function(){for(var e,t,s=l.querySelectorAll(\"iframe.wp-embedded-content\"),r=0;r<s.length;r++)(t=(e=s[r]).getAttribute(\"data-secret\"))||(t=Math.random().toString(36).substring(2,12),e.src+=\"#?secret=\"+t,e.setAttribute(\"data-secret\",t)),e.contentWindow.postMessage({message:\"ready\",secret:t},\"*\")},!1)))}(window,document);\n\/\/# sourceURL=https:\/\/notabene.world\/nb\/wp-includes\/js\/wp-embed.min.js\n\/* ]]> *\/\n<\/script>\n","thumbnail_url":"https:\/\/notabene.world\/nb\/wp-content\/uploads\/2025\/07\/europa.jpg","thumbnail_width":800,"thumbnail_height":445,"description":"Wys\u0142uchawszy cierpliwie sylwestrowego or\u0119dzia prezydenta RP, natychmiast zamarzy\u0142 mi si\u0119 d\u0142ugi spacer po Domu Historii Europejskiej w Brukseli. A wszystko po to, by uciec cho\u0107by na chwil\u0119 (i jak najdalej) od prza\u015bnego i siermi\u0119\u017cnego prezydenckiego przekazu ostatniego dniu roku 2025. Ten\u017ce \"Dom Europy\" jest miejscem doskona\u0142ym i na sw\u00f3j spos\u00f3b wyzwalaj\u0105cym. My\u015bl\u0105c bowiem o historii nabieramy niezb\u0119dnego dystansu, by mierzy\u0107 si\u0119 raz po raz z nabzdyczon\u0105, nudnaw\u0105, usilnie zak\u0142amywan\u0105 nadwi\u015bla\u0144sk\u0105 codzienno\u015bci\u0105. Dla r\u00f3wnowagi oddaj\u0119 si\u0119 zatem magii metafor, symboli, legend i mit\u00f3w. Naturalnie od razu przychodzi mi na my\u015bl Owidiusz i jego mitologiczne metamorfozy, w kt\u00f3rych to z chaosu - po wielu przemianach i perypetiach - zawsze wy\u0142ania si\u0119 w ko\u0144cu jaka\u015b sp\u00f3jna i szcz\u0119\u015bliwa ca\u0142o\u015b\u0107. I zapewne - mimo wszystko - tak te\u017c b\u0119dzie z nasz\u0105 czasoprzestrzeni\u0105 kulturow\u0105 w roku 2026. Je\u015bli wierzy\u0107 Owidiuszowi, porwana przez (zmienionego w dorodnego Byka) Zeusa przepi\u0119kna Europa wydaje si\u0119 by\u0107 wystraszona i zachwycona jednocze\u015bnie, jakby zdaj\u0105c sobie spraw\u0119, i\u017c pomimo\u00a0podr\u00f3\u017cy w nieznane\u00a0wszystko i tak dobrze si\u0119 sko\u0144czy. Na Krecie. Zapytajcie przy okazji wsp\u00f3\u0142czesnych Krete\u0144czyk\u00f3w o tajemnicz\u0105 grot\u0119, kt\u00f3ra sta\u0142a si\u0119 schronieniem dla Europy, uwiedzionej przez niew\u0105tpliwie zakochanego w niej po uszy Zeusa. Kto\u015b powie, \u017ce to by\u0142o dawno i nieprawda, \u017ce to wszystko s\u0105\u00a0opowie\u015bci dziwnej tre\u015bci, na miar\u0119 na przyk\u0142ad tych\u00a0z tysi\u0105ca i jednej nocy. Szeherezada to Szeherezada, a Europa to Europa, Mi\u0142o\u015b\u0107 to Mi\u0142o\u015b\u0107, koniec i kropka, i nie ma tu nad czym si\u0119 rozwodzi\u0107. Wszystko i tak znajdzie pr\u0119dzej czy p\u00f3\u017aniej sw\u00f3j kres - czego na razie nie przyjmuje do wiadomo\u015bci rozkrzyczany prezydent Nawrocki vel Trumpski... Poczekamy, ale czy doczekamy? Oto jest pytanie. Nie mo\u017cna jednak spokojnie my\u015ble\u0107 o ko\u0144cu bez refleksji nad pocz\u0105tkiem. Nie mo\u017cna zrozumie\u0107 tego, co jest, bez znajomo\u015bci tego, co za nami. Pomi\u0119dzy jest droga, na kt\u00f3rej przebycie jeste\u015bmy skazani. Ci\u0105gle idziemy, nie zawsze wiedz\u0105c dok\u0105d i po co. \u017bycie to jest taki nieko\u0144cz\u0105cy si\u0119\u00a0peripatetikon.\u00a0Lecz warto i\u015b\u0107 a\u017c po horyzontu kres (mimo \u0142ez), bo podr\u00f3\u017ce kszta\u0142c\u0105."}