{"version":"1.0","provider_name":"NOTABENE.WORLD","provider_url":"https:\/\/notabene.world\/nb","author_name":"C vel K","author_url":"https:\/\/notabene.world\/nb\/author\/kcedro\/","title":"KIELCE. Historia i tera\u017aniejszo\u015b\u0107 - NOTABENE.WORLD","type":"rich","width":600,"height":338,"html":"<blockquote class=\"wp-embedded-content\" data-secret=\"WuQERncU0B\"><a href=\"https:\/\/notabene.world\/nb\/historia-i-terazniejszosc\/\">KIELCE. Historia i tera\u017aniejszo\u015b\u0107<\/a><\/blockquote><iframe sandbox=\"allow-scripts\" security=\"restricted\" src=\"https:\/\/notabene.world\/nb\/historia-i-terazniejszosc\/embed\/#?secret=WuQERncU0B\" width=\"600\" height=\"338\" title=\"&#8222;KIELCE. Historia i tera\u017aniejszo\u015b\u0107&#8221; &#8212; NOTABENE.WORLD\" data-secret=\"WuQERncU0B\" frameborder=\"0\" marginwidth=\"0\" marginheight=\"0\" scrolling=\"no\" class=\"wp-embedded-content\"><\/iframe><script type=\"text\/javascript\">\n\/* <![CDATA[ *\/\n\/*! This file is auto-generated *\/\n!function(d,l){\"use strict\";l.querySelector&&d.addEventListener&&\"undefined\"!=typeof URL&&(d.wp=d.wp||{},d.wp.receiveEmbedMessage||(d.wp.receiveEmbedMessage=function(e){var t=e.data;if((t||t.secret||t.message||t.value)&&!\/[^a-zA-Z0-9]\/.test(t.secret)){for(var s,r,n,a=l.querySelectorAll('iframe[data-secret=\"'+t.secret+'\"]'),o=l.querySelectorAll('blockquote[data-secret=\"'+t.secret+'\"]'),c=new RegExp(\"^https?:$\",\"i\"),i=0;i<o.length;i++)o[i].style.display=\"none\";for(i=0;i<a.length;i++)s=a[i],e.source===s.contentWindow&&(s.removeAttribute(\"style\"),\"height\"===t.message?(1e3<(r=parseInt(t.value,10))?r=1e3:~~r<200&&(r=200),s.height=r):\"link\"===t.message&&(r=new URL(s.getAttribute(\"src\")),n=new URL(t.value),c.test(n.protocol))&&n.host===r.host&&l.activeElement===s&&(d.top.location.href=t.value))}},d.addEventListener(\"message\",d.wp.receiveEmbedMessage,!1),l.addEventListener(\"DOMContentLoaded\",function(){for(var e,t,s=l.querySelectorAll(\"iframe.wp-embedded-content\"),r=0;r<s.length;r++)(t=(e=s[r]).getAttribute(\"data-secret\"))||(t=Math.random().toString(36).substring(2,12),e.src+=\"#?secret=\"+t,e.setAttribute(\"data-secret\",t)),e.contentWindow.postMessage({message:\"ready\",secret:t},\"*\")},!1)))}(window,document);\n\/\/# sourceURL=https:\/\/notabene.world\/nb\/wp-includes\/js\/wp-embed.min.js\n\/* ]]> *\/\n<\/script>\n","thumbnail_url":"https:\/\/notabene.world\/nb\/wp-content\/uploads\/2024\/08\/droga11.jpg","thumbnail_width":800,"thumbnail_height":445,"description":"To, co dzi\u015b jest stare, kiedy\u015b by\u0142o nowe. To, co dzi\u015b jest nasze, kiedy\u015b nasze nie by\u0142o. Nie by\u0142o te\u017c cudze, bo w powszechnym mniemaniu by\u0142o niczyje \u2013 a skoro niczyje, to wszyscy mieli to gdzie\u015b. Jeste\u015bmy pokoleniem naprawd\u0119 szcz\u0119\u015bliwym, gdy\u017c na naszych oczach dokona\u0142y si\u0119 w Polsce po roku 1989 przemiany, o jakich wielu przed nami mog\u0142o tylko pomarzy\u0107. Wydawa\u0142o si\u0119, \u017ce poprzez przyst\u0105pienie do NATO oraz Unii Europejskiej nareszcie uda\u0142o nam si\u0119 wydosta\u0107 z geopolitycznego koszmaru Europy \u015arodkowo-Wschodniej. Dzisiaj niestety po raz kolejny przychodzi nam stawi\u0107 czo\u0142a \"niezamierzonym konsekwencjom\" dopiero co odzyskanej wolno\u015bci. Niespe\u0142na miesi\u0105c temu - 26 lipca 2025 roku - w samo po\u0142udnie - przez g\u0142\u00f3wn\u0105 ulic\u0119 Kielc przemaszerowa\u0142 poch\u00f3d przeciwko \"nielegalnej imigracji\" oraz powstaniu w naszym mie\u015bcie Centrum Integracji Cudzoziemc\u00f3w, zorganizowany przez \"Kieleckich Patriot\u00f3w\". Ich patronem i bohaterem jest m. in. Janusz Walu\u015b - polski emigrant do RPA, zwolennik apartheidu i morderca czarnosk\u00f3rego Chrisa Haniego w roku 1993. W haniebnym i skandalicznym pochodzie domniemani lokalni patrioci przemaszerowali z Walusiem na czele, wraz z pi\u0142karskimi kibicami Korony Kielce oraz wyborcami faszysty i - pochodz\u0105cego ze \u015bwi\u0119tokrzyskich Mirogonowic - antysemity europos\u0142a Grzegorza Brauna. Demonstracja przesz\u0142a od kieleckiego dworca PKP do \u015awi\u0119tokrzyskiego Urz\u0119du Wojew\u00f3dzkiego, po drodze mijaj\u0105c miejsce powojennego pogromu \u017cydowskich mieszka\u0144c\u00f3w Kielc (4 lipca 1946 roku). Cokolwiek nale\u017ca\u0142oby doda\u0107 do tej kr\u00f3tkiej relacji, nie ma usprawiedliwienia dla antysemityzmu oraz rasizmu, kt\u00f3re w spos\u00f3b uw\u0142aczaj\u0105cy nam wszystkim objawiaj\u0105 si\u0119 coraz dobitniej w polskim \u017cyciu publicznym. Nie powinno by\u0107 w nim miejsca dla Walusi\u00f3w, Braun\u00f3w i B\u0105kiewicz\u00f3w! Tak oto budz\u0105 si\u0119 w naszym kraju dawno zapomniane demony przesz\u0142o\u015bci, tak oto na naszych oczach odradza si\u0119 faszyzm. Czy\u017cby\u015bmy byli \u015bwiadkami kolejnej \"ucieczki od wolno\u015bci\"? A mo\u017ce chodzi raczej o - jak mawia nadprezes Kaczy\u0144ski - \"syndrom sztok-sztook-sztoookholmski\"? Trudno powiedzie\u0107. Mam jednak nieodparte wra\u017cenie, i\u017c pewna cz\u0119\u015b\u0107 naszego spo\u0142ecze\u0144stwa nie mo\u017ce po prostu \u017cy\u0107 bez babrania si\u0119 w bagnie historii. I to nie tylko w Kielcach."}