{"version":"1.0","provider_name":"NOTABENE.WORLD","provider_url":"https:\/\/notabene.world\/nb","author_name":"C vel K","author_url":"https:\/\/notabene.world\/nb\/author\/kcedro\/","title":"KIELCE. Szczury w mie\u015bcie. Nieopodal Ogrodu Wolno\u015bci - NOTABENE.WORLD","type":"rich","width":600,"height":338,"html":"<blockquote class=\"wp-embedded-content\" data-secret=\"quafGi5eVa\"><a href=\"https:\/\/notabene.world\/nb\/kielce-szczury-w-miescie\/\">KIELCE. Szczury w mie\u015bcie. Nieopodal Ogrodu Wolno\u015bci<\/a><\/blockquote><iframe sandbox=\"allow-scripts\" security=\"restricted\" src=\"https:\/\/notabene.world\/nb\/kielce-szczury-w-miescie\/embed\/#?secret=quafGi5eVa\" width=\"600\" height=\"338\" title=\"&#8222;KIELCE. Szczury w mie\u015bcie. Nieopodal Ogrodu Wolno\u015bci&#8221; &#8212; NOTABENE.WORLD\" data-secret=\"quafGi5eVa\" frameborder=\"0\" marginwidth=\"0\" marginheight=\"0\" scrolling=\"no\" class=\"wp-embedded-content\"><\/iframe><script type=\"text\/javascript\">\n\/* <![CDATA[ *\/\n\/*! This file is auto-generated *\/\n!function(d,l){\"use strict\";l.querySelector&&d.addEventListener&&\"undefined\"!=typeof URL&&(d.wp=d.wp||{},d.wp.receiveEmbedMessage||(d.wp.receiveEmbedMessage=function(e){var t=e.data;if((t||t.secret||t.message||t.value)&&!\/[^a-zA-Z0-9]\/.test(t.secret)){for(var s,r,n,a=l.querySelectorAll('iframe[data-secret=\"'+t.secret+'\"]'),o=l.querySelectorAll('blockquote[data-secret=\"'+t.secret+'\"]'),c=new RegExp(\"^https?:$\",\"i\"),i=0;i<o.length;i++)o[i].style.display=\"none\";for(i=0;i<a.length;i++)s=a[i],e.source===s.contentWindow&&(s.removeAttribute(\"style\"),\"height\"===t.message?(1e3<(r=parseInt(t.value,10))?r=1e3:~~r<200&&(r=200),s.height=r):\"link\"===t.message&&(r=new URL(s.getAttribute(\"src\")),n=new URL(t.value),c.test(n.protocol))&&n.host===r.host&&l.activeElement===s&&(d.top.location.href=t.value))}},d.addEventListener(\"message\",d.wp.receiveEmbedMessage,!1),l.addEventListener(\"DOMContentLoaded\",function(){for(var e,t,s=l.querySelectorAll(\"iframe.wp-embedded-content\"),r=0;r<s.length;r++)(t=(e=s[r]).getAttribute(\"data-secret\"))||(t=Math.random().toString(36).substring(2,12),e.src+=\"#?secret=\"+t,e.setAttribute(\"data-secret\",t)),e.contentWindow.postMessage({message:\"ready\",secret:t},\"*\")},!1)))}(window,document);\n\/\/# sourceURL=https:\/\/notabene.world\/nb\/wp-includes\/js\/wp-embed.min.js\n\/* ]]> *\/\n<\/script>\n","thumbnail_url":"https:\/\/notabene.world\/nb\/wp-content\/uploads\/2025\/07\/szcz3d0.jpg","thumbnail_width":800,"thumbnail_height":445,"description":"Z przera\u017cniem obserwowa\u0142em dzisiaj mieszka\u0144c\u00f3w tak\u017ce i naszego miasta, ubranych w koszulki z rysunkiem \"ga\u015bnicy antyhanukkowej\" oraz napisem \"Dru\u017cyna Brauna - \u015awi\u0119tokrzyskie\", \"dumnie\" trzymaj\u0105cych przed Urz\u0119dem Wojew\u00f3dzkim w Kielcach transparent: \"Stop inwazji imigrant\u00f3w!!!\". Tak by\u0142o te\u017c w innych miastach. Wszem i wobec polskie echo ponios\u0142o rytmiczne rasistowskie okrzyki: \"Wiel-ka--Pol-ska--dla--Pol-ak-\u00f3w!!!\" W Kielcach brzmi\u0105 one niczym makabryczny \"rechot historii\". Demonstracja odby\u0142a si\u0119 wszak po przeciwnej stronie ulicy od powsta\u0142ego niedawno \"Ogrodu Wolno\u015bci\", w kt\u00f3rym kr\u0119te \u015bcie\u017cki prowadz\u0105 do dawnej Synagogi oraz zaledwie oko\u0142o 150 metr\u00f3w od ul. Planty 7, czyli od miejsca niechlubnego Pogromu Kieleckiego, kt\u00f3rego 79. rocznic\u0119 obchodzili\u015bmy niespe\u0142na 2 tygodnie temu, 4 lipca 2025 roku. Bez wzgl\u0119du na przer\u00f3\u017cne interpretacje oraz motywy-nie-motywy brutalnego mordu na naszych \u017cydowskich wsp\u00f3\u0142obywatelach w 1946 roku, uczestniczyli w tej zbrodni m. in. \u00f3wcze\u015bni mieszka\u0144cy Kielc. Podobno sam pogrom zosta\u0142 sprowokowany dla odwr\u00f3cenia uwagi od sfa\u0142szowanych wynik\u00f3w referendum z 30 czerwca 1946 roku. W dzisiejszych Kielcach, tak blisko miejsca ha\u0144by po wieczne czasy, wsp\u00f3\u0142cze\u015bni neofaszy\u015bci antyimigranck\u0105 retoryk\u0105 wydaj\u0105 si\u0119 mobilizowa\u0107 sw\u00f3j elektorat ju\u017c teraz, w nadziei na zwi\u0119kszenie szans wyborczych w roku 2027."}