{"version":"1.0","provider_name":"NOTABENE.WORLD","provider_url":"https:\/\/notabene.world\/nb","author_name":"Julian Tarnowski","author_url":"https:\/\/notabene.world\/nb\/author\/julian\/","title":"Klub czy Prezydium - oto jest pytanie? - NOTABENE.WORLD","type":"rich","width":600,"height":338,"html":"<blockquote class=\"wp-embedded-content\" data-secret=\"aMi4aqf3jT\"><a href=\"https:\/\/notabene.world\/nb\/klub-czy-prezydium-o-to-jest-pytanie\/\">Klub czy Prezydium &#8211; oto jest pytanie?<\/a><\/blockquote><iframe sandbox=\"allow-scripts\" security=\"restricted\" src=\"https:\/\/notabene.world\/nb\/klub-czy-prezydium-o-to-jest-pytanie\/embed\/#?secret=aMi4aqf3jT\" width=\"600\" height=\"338\" title=\"&#8222;Klub czy Prezydium &#8211; oto jest pytanie?&#8221; &#8212; NOTABENE.WORLD\" data-secret=\"aMi4aqf3jT\" frameborder=\"0\" marginwidth=\"0\" marginheight=\"0\" scrolling=\"no\" class=\"wp-embedded-content\"><\/iframe><script type=\"text\/javascript\">\n\/* <![CDATA[ *\/\n\/*! This file is auto-generated *\/\n!function(d,l){\"use strict\";l.querySelector&&d.addEventListener&&\"undefined\"!=typeof URL&&(d.wp=d.wp||{},d.wp.receiveEmbedMessage||(d.wp.receiveEmbedMessage=function(e){var t=e.data;if((t||t.secret||t.message||t.value)&&!\/[^a-zA-Z0-9]\/.test(t.secret)){for(var s,r,n,a=l.querySelectorAll('iframe[data-secret=\"'+t.secret+'\"]'),o=l.querySelectorAll('blockquote[data-secret=\"'+t.secret+'\"]'),c=new RegExp(\"^https?:$\",\"i\"),i=0;i<o.length;i++)o[i].style.display=\"none\";for(i=0;i<a.length;i++)s=a[i],e.source===s.contentWindow&&(s.removeAttribute(\"style\"),\"height\"===t.message?(1e3<(r=parseInt(t.value,10))?r=1e3:~~r<200&&(r=200),s.height=r):\"link\"===t.message&&(r=new URL(s.getAttribute(\"src\")),n=new URL(t.value),c.test(n.protocol))&&n.host===r.host&&l.activeElement===s&&(d.top.location.href=t.value))}},d.addEventListener(\"message\",d.wp.receiveEmbedMessage,!1),l.addEventListener(\"DOMContentLoaded\",function(){for(var e,t,s=l.querySelectorAll(\"iframe.wp-embedded-content\"),r=0;r<s.length;r++)(t=(e=s[r]).getAttribute(\"data-secret\"))||(t=Math.random().toString(36).substring(2,12),e.src+=\"#?secret=\"+t,e.setAttribute(\"data-secret\",t)),e.contentWindow.postMessage({message:\"ready\",secret:t},\"*\")},!1)))}(window,document);\n\/\/# sourceURL=https:\/\/notabene.world\/nb\/wp-includes\/js\/wp-embed.min.js\n\/* ]]> *\/\n<\/script>\n","thumbnail_url":"https:\/\/notabene.world\/nb\/wp-content\/uploads\/2023\/12\/brln-1024x728.png","thumbnail_width":1024,"thumbnail_height":728,"description":"Odebranie poselskiego uposa\u017cenia to nie koniec k\u0142opot\u00f3w Grzegorza Brauna, a pocz\u0105tek k\u0142opot\u00f3w ca\u0142ej Konfederacji. Je\u015bli ultimatum Szymona Ho\u0142owni pozostanie wi\u0105\u017c\u0105ce, a Grzegorz Braun odejdzie z Konfederacji, prawdopodobnie poci\u0105gnie za sob\u0105 3 pos\u0142\u00f3w Korony Polskiej, co b\u0119dzie r\u00f3wnoznaczne z ko\u0144cem Klubu Parlamentarnego Konfederacji (wed\u0142ug regulaminu sejmu klub musi stanowi\u0107 co najmniej 15 pos\u0142\u00f3w). Ale co w takim razie z Bosakiem w Prezydium Sejmu? Je\u015bli od poprzedniej prognozy odejmiemy pos\u0142\u00f3w Trzeciej Drogi, mamy 225 hipotetycznych g\u0142os\u00f3w. Taka kalkulacja ma prawo bytu, je\u015bli KO rzeczywi\u015bcie zag\u0142osuje przeciw, b\u0105d\u017a wstrzyma si\u0119 od g\u0142osu (tak, jak wstrzyma\u0142a si\u0119 przy wyborze Bosaka). Taka liczba mandat\u00f3w nie pozwala na \u017cadne szacunki co do przej\u015bcia tego wniosku. Je\u015bli ten scenariusz przerodzi si\u0119 w realn\u0105 sytuacj\u0119 i mo\u017cemy mie\u0107 pierwsz\u0105 istotn\u0105 r\u00f3\u017cnic\u0119 w g\u0142osowaniu partii wchodz\u0105cych w sk\u0142ad rz\u0105dz\u0105cej Koalicji.  Oczywi\u015bcie mo\u017ce si\u0119 tak zdarzy\u0107, \u017ce Konfederacja straci zar\u00f3wno status Klubu, jak i miejsce w Prezydium Sejmu. To bardzo napi\u0119ta sytuacja i wiele si\u0119 tu mo\u017ce wydarzy\u0107.\u00a0"}