{"version":"1.0","provider_name":"NOTABENE.WORLD","provider_url":"https:\/\/notabene.world\/nb","author_name":"C vel K","author_url":"https:\/\/notabene.world\/nb\/author\/kcedro\/","title":"Maskarada - NOTABENE.WORLD","type":"rich","width":600,"height":338,"html":"<blockquote class=\"wp-embedded-content\" data-secret=\"pH6hukRgEz\"><a href=\"https:\/\/notabene.world\/nb\/maskarada\/\">Maskarada<\/a><\/blockquote><iframe sandbox=\"allow-scripts\" security=\"restricted\" src=\"https:\/\/notabene.world\/nb\/maskarada\/embed\/#?secret=pH6hukRgEz\" width=\"600\" height=\"338\" title=\"&#8222;Maskarada&#8221; &#8212; NOTABENE.WORLD\" data-secret=\"pH6hukRgEz\" frameborder=\"0\" marginwidth=\"0\" marginheight=\"0\" scrolling=\"no\" class=\"wp-embedded-content\"><\/iframe><script type=\"text\/javascript\">\n\/* <![CDATA[ *\/\n\/*! This file is auto-generated *\/\n!function(d,l){\"use strict\";l.querySelector&&d.addEventListener&&\"undefined\"!=typeof URL&&(d.wp=d.wp||{},d.wp.receiveEmbedMessage||(d.wp.receiveEmbedMessage=function(e){var t=e.data;if((t||t.secret||t.message||t.value)&&!\/[^a-zA-Z0-9]\/.test(t.secret)){for(var s,r,n,a=l.querySelectorAll('iframe[data-secret=\"'+t.secret+'\"]'),o=l.querySelectorAll('blockquote[data-secret=\"'+t.secret+'\"]'),c=new RegExp(\"^https?:$\",\"i\"),i=0;i<o.length;i++)o[i].style.display=\"none\";for(i=0;i<a.length;i++)s=a[i],e.source===s.contentWindow&&(s.removeAttribute(\"style\"),\"height\"===t.message?(1e3<(r=parseInt(t.value,10))?r=1e3:~~r<200&&(r=200),s.height=r):\"link\"===t.message&&(r=new URL(s.getAttribute(\"src\")),n=new URL(t.value),c.test(n.protocol))&&n.host===r.host&&l.activeElement===s&&(d.top.location.href=t.value))}},d.addEventListener(\"message\",d.wp.receiveEmbedMessage,!1),l.addEventListener(\"DOMContentLoaded\",function(){for(var e,t,s=l.querySelectorAll(\"iframe.wp-embedded-content\"),r=0;r<s.length;r++)(t=(e=s[r]).getAttribute(\"data-secret\"))||(t=Math.random().toString(36).substring(2,12),e.src+=\"#?secret=\"+t,e.setAttribute(\"data-secret\",t)),e.contentWindow.postMessage({message:\"ready\",secret:t},\"*\")},!1)))}(window,document);\n\/\/# sourceURL=https:\/\/notabene.world\/nb\/wp-includes\/js\/wp-embed.min.js\n\/* ]]> *\/\n<\/script>\n","thumbnail_url":"https:\/\/notabene.world\/nb\/wp-content\/uploads\/2022\/02\/gemby.jpg","thumbnail_width":800,"thumbnail_height":445,"description":"Pora wstawa\u0107, bo mam dzi\u015b znowu urodziny. Imieniny tak\u017ce kiedy\u015b mia\u0142em dzi\u015b, ale kilka lat temu przenios\u0142em je na czerwiec, no bo po co \u015bwi\u0119towa\u0107 raz, skoro mo\u017cna i dwa, i trzy, i cztery, i tak dalej. Jak co rano, wk\u0142adam mask\u0119 i sprawdzam w lustrze, czy wszystko ze mn\u0105 OK. G\u0142owa jest. Dwie r\u0119ce s\u0105, dwie nogi te\u017c, wi\u0119c pora wzi\u0105\u0107 sie do pracy. Spr\u00f3buj\u0119 jeszcze po drodze z\u0142apa\u0107 przynajmniej kilka my\u015bli ulotnych. Zanim bezpowrotnie przewieje je wiatr. Skoro jestem dzi\u015b\u00a0homo sapiens\u00a0(cz\u0142owiek \"my\u015bl\u0105cy\"), robi\u0119 co g\u0142owa na my\u015bl przyniesie. Ale\u017c to jest maskarada urodzi\u0107 si\u0119 w Dzie\u0144 Konrada. Nie tak dawno w Krakowie w tym\u017ce dniu znowu by\u0142y \u201cDziady\u201d. Konrad za\u015b improwizowa\u0142 - jak zawsze - w samotno\u015bci, tamtym razem (w 2022) jako niewiasta i st\u0105d tak kategoryczne by\u0142y \u017c\u0105dania co niekt\u00f3rych, by przedstawienie zdj\u0105\u0107 z afisza albo przynajmniej nie pokazywa\u0107 go m\u0142odzie\u017cy. Nie wnikaj\u0105c w meritum sporu, lepsz\u0105 reklam\u0119 w tym wypadku trudno by\u0142o sobie wyobrazi\u0107.\u00a0 Domniemany patriotyczny\u00a0homo ludens\u00a0(cz\u0142owiek bawi\u0105cy si\u0119) czyli Mickiewicz i jego dzie\u0142o w og\u00f3le maj\u0105 u nas wyj\u0105tkowego pecha, tudzie\u017c \"wielkie szcz\u0119\u015bcie\". M\u00f3wienie \u201cDziadami\u201d - odk\u0105d sta\u0142o si\u0119 modne - mia\u0142o si\u0119 wszak sko\u0144czy\u0107 w roku 1968. Oburzy\u0142 si\u0119 by\u0142 wtedy na\u0144 \u2013 i to nie na \u017carty \u2013 sam\u00a0homo \"sovieticus\"\u00a0(cz\u0142owiek sowiecki). Wtedy odprawianie \u201cDziad\u00f3w\u201d bezskutecznie wybijano z g\u0142owy protestuj\u0105cym obywatelom, student\u00f3w zap\u0119dzaj\u0105c \u201cdo nauki\u201d, literat\u00f3w za\u015b \u2013 \u201cdo pi\u00f3ra\u201d. I tak to za spraw\u0105 Konrada wci\u0105\u017c trwa w najlepsze ta nasza swojska, troch\u0119 kowbojska i nabzdyczona maskarada."}