{"version":"1.0","provider_name":"NOTABENE.WORLD","provider_url":"https:\/\/notabene.world\/nb","author_name":"B D","author_url":"https:\/\/notabene.world\/nb\/author\/jo-d\/","title":"Miliardy metr\u00f3w sze\u015bciennych\u2026 - NOTABENE.WORLD","type":"rich","width":600,"height":338,"html":"<blockquote class=\"wp-embedded-content\" data-secret=\"SjYj475R4w\"><a href=\"https:\/\/notabene.world\/nb\/miliardy-metrow-szesciennych\/\">Miliardy metr\u00f3w sze\u015bciennych\u2026<\/a><\/blockquote><iframe sandbox=\"allow-scripts\" security=\"restricted\" src=\"https:\/\/notabene.world\/nb\/miliardy-metrow-szesciennych\/embed\/#?secret=SjYj475R4w\" width=\"600\" height=\"338\" title=\"&#8222;Miliardy metr\u00f3w sze\u015bciennych\u2026&#8221; &#8212; NOTABENE.WORLD\" data-secret=\"SjYj475R4w\" frameborder=\"0\" marginwidth=\"0\" marginheight=\"0\" scrolling=\"no\" class=\"wp-embedded-content\"><\/iframe><script type=\"text\/javascript\">\n\/* <![CDATA[ *\/\n\/*! This file is auto-generated *\/\n!function(d,l){\"use strict\";l.querySelector&&d.addEventListener&&\"undefined\"!=typeof URL&&(d.wp=d.wp||{},d.wp.receiveEmbedMessage||(d.wp.receiveEmbedMessage=function(e){var t=e.data;if((t||t.secret||t.message||t.value)&&!\/[^a-zA-Z0-9]\/.test(t.secret)){for(var s,r,n,a=l.querySelectorAll('iframe[data-secret=\"'+t.secret+'\"]'),o=l.querySelectorAll('blockquote[data-secret=\"'+t.secret+'\"]'),c=new RegExp(\"^https?:$\",\"i\"),i=0;i<o.length;i++)o[i].style.display=\"none\";for(i=0;i<a.length;i++)s=a[i],e.source===s.contentWindow&&(s.removeAttribute(\"style\"),\"height\"===t.message?(1e3<(r=parseInt(t.value,10))?r=1e3:~~r<200&&(r=200),s.height=r):\"link\"===t.message&&(r=new URL(s.getAttribute(\"src\")),n=new URL(t.value),c.test(n.protocol))&&n.host===r.host&&l.activeElement===s&&(d.top.location.href=t.value))}},d.addEventListener(\"message\",d.wp.receiveEmbedMessage,!1),l.addEventListener(\"DOMContentLoaded\",function(){for(var e,t,s=l.querySelectorAll(\"iframe.wp-embedded-content\"),r=0;r<s.length;r++)(t=(e=s[r]).getAttribute(\"data-secret\"))||(t=Math.random().toString(36).substring(2,12),e.src+=\"#?secret=\"+t,e.setAttribute(\"data-secret\",t)),e.contentWindow.postMessage({message:\"ready\",secret:t},\"*\")},!1)))}(window,document);\n\/\/# sourceURL=https:\/\/notabene.world\/nb\/wp-includes\/js\/wp-embed.min.js\n\/* ]]> *\/\n<\/script>\n","thumbnail_url":"https:\/\/notabene.world\/nb\/wp-content\/uploads\/2022\/05\/n6b.jpg","thumbnail_width":800,"thumbnail_height":445,"description":"Niedziela,1 maja, dla wielu ludzi starszego pokolenia to \u015awi\u0119to Pracy, dla m\u0142odszego - rocznica wst\u0105pienia Polski do Unii Europejskiej. Dla niekt\u00f3rych za\u015b to tylko drugi dzie\u0144 majowego weekendu. Pytanie, dlaczego nie \u015bwi\u0119tujemy tej rocznicy (ju\u017c osiemnastej) powszechnie, powinno nas, spo\u0142ecze\u0144stwo, mocno niepokoi\u0107. Co prawda, z inicjatywy \u00a0europos\u0142\u00f3w lub organizacji spo\u0142ecznych odby\u0142y si\u0119 pikniki i spotkania, jednak wiele samorz\u0105d\u00f3w t\u0119 rocznic\u0119 \u201eza\u0142atwia\u201d poprzez wywieszenie unijnych flag. S\u0105 te\u017c takie, kt\u00f3re nie wykonuj\u0105 nawet tego symbolicznego gestu, a przecie\u017c przez ostatnie 18 lat Polacy zyskali tak wiele."}