{"version":"1.0","provider_name":"NOTABENE.WORLD","provider_url":"https:\/\/notabene.world\/nb","author_name":"C vel K","author_url":"https:\/\/notabene.world\/nb\/author\/kcedro\/","title":"Zimna wojna. Polska rapsodia 2025 - NOTABENE.WORLD","type":"rich","width":600,"height":338,"html":"<blockquote class=\"wp-embedded-content\" data-secret=\"Oj9h3C6Noa\"><a href=\"https:\/\/notabene.world\/nb\/polska-rapsodia\/\">Zimna wojna. Polska rapsodia 2025<\/a><\/blockquote><iframe sandbox=\"allow-scripts\" security=\"restricted\" src=\"https:\/\/notabene.world\/nb\/polska-rapsodia\/embed\/#?secret=Oj9h3C6Noa\" width=\"600\" height=\"338\" title=\"&#8222;Zimna wojna. Polska rapsodia 2025&#8221; &#8212; NOTABENE.WORLD\" data-secret=\"Oj9h3C6Noa\" frameborder=\"0\" marginwidth=\"0\" marginheight=\"0\" scrolling=\"no\" class=\"wp-embedded-content\"><\/iframe><script type=\"text\/javascript\">\n\/* <![CDATA[ *\/\n\/*! This file is auto-generated *\/\n!function(d,l){\"use strict\";l.querySelector&&d.addEventListener&&\"undefined\"!=typeof URL&&(d.wp=d.wp||{},d.wp.receiveEmbedMessage||(d.wp.receiveEmbedMessage=function(e){var t=e.data;if((t||t.secret||t.message||t.value)&&!\/[^a-zA-Z0-9]\/.test(t.secret)){for(var s,r,n,a=l.querySelectorAll('iframe[data-secret=\"'+t.secret+'\"]'),o=l.querySelectorAll('blockquote[data-secret=\"'+t.secret+'\"]'),c=new RegExp(\"^https?:$\",\"i\"),i=0;i<o.length;i++)o[i].style.display=\"none\";for(i=0;i<a.length;i++)s=a[i],e.source===s.contentWindow&&(s.removeAttribute(\"style\"),\"height\"===t.message?(1e3<(r=parseInt(t.value,10))?r=1e3:~~r<200&&(r=200),s.height=r):\"link\"===t.message&&(r=new URL(s.getAttribute(\"src\")),n=new URL(t.value),c.test(n.protocol))&&n.host===r.host&&l.activeElement===s&&(d.top.location.href=t.value))}},d.addEventListener(\"message\",d.wp.receiveEmbedMessage,!1),l.addEventListener(\"DOMContentLoaded\",function(){for(var e,t,s=l.querySelectorAll(\"iframe.wp-embedded-content\"),r=0;r<s.length;r++)(t=(e=s[r]).getAttribute(\"data-secret\"))||(t=Math.random().toString(36).substring(2,12),e.src+=\"#?secret=\"+t,e.setAttribute(\"data-secret\",t)),e.contentWindow.postMessage({message:\"ready\",secret:t},\"*\")},!1)))}(window,document);\n\/\/# sourceURL=https:\/\/notabene.world\/nb\/wp-includes\/js\/wp-embed.min.js\n\/* ]]> *\/\n<\/script>\n","thumbnail_url":"https:\/\/notabene.world\/nb\/wp-content\/uploads\/2018\/11\/zwo0.jpg","thumbnail_width":800,"thumbnail_height":445,"description":"Sto siedem lat p\u00f3\u017aniej czas by znowu napisa\u0107 co\u015b o mi\u0142o\u015bci, co nie zna granic, o wierze, co g\u00f3ry przenosi oraz nadziei, co nie jest jedynie\u00a0matk\u0105 g\u0142upich i naiwnych. 11 listopada 2018 r. siedza\u0142em w zadumie wewn\u0105trz ogromnej Bazyliki Brukselskiej (Basilique du\u00a0Sacr\u00e9-C\u0153ur \u00e0 Koekelberg), gdzie w Wielkim Roku 1989 Freddie Mercury wy\u015bpiewa\u0142 ze swym kr\u00f3lewskim zespo\u0142em\u00a0Boh\u00e9msk\u0105 raps\u00f3di\u0119. Wracam oczyma wyobra\u017ani do tamtych czas\u00f3w. Gdy Freddie \u015bpiewa\u0142\u00a0Bismillah!\u00a0(w imi\u0119 Boga!),\u00a0Mamma mia (sk\u0105dkolwiek wiej\u0105 wiatry),\u00a0w Polsce te\u017c ju\u017c by\u0142o po wyborach, a pod Kolumn\u0105 Zygmunta ta\u0144czono poloneza i zewsz\u0105d pobrzmiewa\u0142o rapsodyczne\u00a0Kochajmy si\u0119!\u00a0Tak by\u0142o. Na odzyskanie przez Polsk\u0119 niepodleg\u0142o\u015bci 107 lat temu kilka pokole\u0144 musia\u0142o czeka\u0107 123 lata. Kolejne pokolenia czeka\u0142y na ostateczny rapsodyczny upadek\u00a0\u017celaznej kurtyny,\u00a0a\u017c do roku 2004, czyli do rozszerzenia Unii Europejskiej na Wsch\u00f3d. To wszystko wiemy, ale czy rozumiemy? Has\u0142o tegorocznego Marszu Niepodleg\u0142o\u015bci w Warszawie przera\u017ca tym bardziej, \u017ce identyfikuje si\u0119 z nim tak wiele os\u00f3b, od prezydenta RP pozynaj\u0105c. \"Jeden nar\u00f3d, silna Polska!\" wydaje si\u0119 by\u0107 okrzykiem ju\u017c nie tylko nacjonalistycznym, ale te\u017c symptomem rodz\u0105cego si\u0119 na naszych oczach neofaszyzmu. Ponad 100 tysi\u0119cy uczestnik\u00f3w wydaje si\u0119 popiera\u0107 anachroniczne idee, tak jakby\u015bmy nie przynale\u017celi do Unii Europejskiej, kt\u00f3rej fundamentem jest przecie\u017c r\u00f3\u017cnorodno\u015b\u0107 i otwarto\u015b\u0107. Bezduszny r\u00f3w mentalny\u00a0wykopany przez polityczn\u0105 sekt\u0119 po katastrofie smole\u0144skiej w 2010 roku jest nadal metodycznie pog\u0142\u0119biany w \u015bwiadomo\u015bci obecnego pokolenia."}