{"version":"1.0","provider_name":"NOTABENE.WORLD","provider_url":"https:\/\/notabene.world\/nb","author_name":"C vel K","author_url":"https:\/\/notabene.world\/nb\/author\/kcedro\/","title":"Warszaty z tw\u00f3rc\u0105 sztuki ludowej Kazimierzem Kopciem - NOTABENE.WORLD","type":"rich","width":600,"height":338,"html":"<blockquote class=\"wp-embedded-content\" data-secret=\"Cc5etLkHb2\"><a href=\"https:\/\/notabene.world\/nb\/warszaty-z-tworca-sztuki-ludowej-kazimierzem-kopciem\/\">Warszaty z tw\u00f3rc\u0105 sztuki ludowej Kazimierzem Kopciem<\/a><\/blockquote><iframe sandbox=\"allow-scripts\" security=\"restricted\" src=\"https:\/\/notabene.world\/nb\/warszaty-z-tworca-sztuki-ludowej-kazimierzem-kopciem\/embed\/#?secret=Cc5etLkHb2\" width=\"600\" height=\"338\" title=\"&#8222;Warszaty z tw\u00f3rc\u0105 sztuki ludowej Kazimierzem Kopciem&#8221; &#8212; NOTABENE.WORLD\" data-secret=\"Cc5etLkHb2\" frameborder=\"0\" marginwidth=\"0\" marginheight=\"0\" scrolling=\"no\" class=\"wp-embedded-content\"><\/iframe><script type=\"text\/javascript\">\n\/* <![CDATA[ *\/\n\/*! This file is auto-generated *\/\n!function(d,l){\"use strict\";l.querySelector&&d.addEventListener&&\"undefined\"!=typeof URL&&(d.wp=d.wp||{},d.wp.receiveEmbedMessage||(d.wp.receiveEmbedMessage=function(e){var t=e.data;if((t||t.secret||t.message||t.value)&&!\/[^a-zA-Z0-9]\/.test(t.secret)){for(var s,r,n,a=l.querySelectorAll('iframe[data-secret=\"'+t.secret+'\"]'),o=l.querySelectorAll('blockquote[data-secret=\"'+t.secret+'\"]'),c=new RegExp(\"^https?:$\",\"i\"),i=0;i<o.length;i++)o[i].style.display=\"none\";for(i=0;i<a.length;i++)s=a[i],e.source===s.contentWindow&&(s.removeAttribute(\"style\"),\"height\"===t.message?(1e3<(r=parseInt(t.value,10))?r=1e3:~~r<200&&(r=200),s.height=r):\"link\"===t.message&&(r=new URL(s.getAttribute(\"src\")),n=new URL(t.value),c.test(n.protocol))&&n.host===r.host&&l.activeElement===s&&(d.top.location.href=t.value))}},d.addEventListener(\"message\",d.wp.receiveEmbedMessage,!1),l.addEventListener(\"DOMContentLoaded\",function(){for(var e,t,s=l.querySelectorAll(\"iframe.wp-embedded-content\"),r=0;r<s.length;r++)(t=(e=s[r]).getAttribute(\"data-secret\"))||(t=Math.random().toString(36).substring(2,12),e.src+=\"#?secret=\"+t,e.setAttribute(\"data-secret\",t)),e.contentWindow.postMessage({message:\"ready\",secret:t},\"*\")},!1)))}(window,document);\n\/\/# sourceURL=https:\/\/notabene.world\/nb\/wp-includes\/js\/wp-embed.min.js\n\/* ]]> *\/\n<\/script>\n","thumbnail_url":"https:\/\/notabene.world\/nb\/wp-content\/uploads\/2022\/03\/cope4.jpg","thumbnail_width":800,"thumbnail_height":445,"description":"11. marca 2022 r. rozpocz\u0105\u0142 si\u0119 cykl warsztat\u00f3w integracyjnych z tw\u00f3rcami sztuki ludowej w gminie Nowa S\u0142upia. Prowadz\u0105 je znani tw\u00f3rcy sztuki ludowej z regionu \u015bwi\u0119tokrzyskiego: Rados\u0142aw Koniarz, Lucyna Koz\u0142owska, Kazimierz Kope\u0107 i Andrzej Koz\u0142owski. Warsztaty organizuje Fundacja Rozwoju Regionu \u015awi\u0119tokrzyskiego (FRR\u015a) wraz ze Stowarzyszeniem Tw\u00f3rc\u00f3w Ludowych \u2013 Oddzia\u0142 Ziemi Kieleckiej w ramach grantu przyznanego przez Urz\u0105d Miasta i Gminy Nowa S\u0142upia przy wsp\u00f3\u0142pracy z Gminnym O\u015brodkiem Kultury, Sportu i Turystyki (GOKSiT) w Rudkach. Finisa\u017c warsztat\u00f3w odb\u0119dzie si\u0119 dnia 2. kwietnia 2022 r."}