{"version":"1.0","provider_name":"NOTABENE.WORLD","provider_url":"https:\/\/notabene.world\/nb","author_name":"C vel K","author_url":"https:\/\/notabene.world\/nb\/author\/kcedro\/","title":"Pary\u017c i nie tylko. Po deszczu? - NOTABENE.WORLD","type":"rich","width":600,"height":338,"html":"<blockquote class=\"wp-embedded-content\" data-secret=\"Cx0epS6cHl\"><a href=\"https:\/\/notabene.world\/nb\/wielkie-szczescie-w-deszczu\/\">Pary\u017c i nie tylko. Po deszczu?<\/a><\/blockquote><iframe sandbox=\"allow-scripts\" security=\"restricted\" src=\"https:\/\/notabene.world\/nb\/wielkie-szczescie-w-deszczu\/embed\/#?secret=Cx0epS6cHl\" width=\"600\" height=\"338\" title=\"&#8222;Pary\u017c i nie tylko. Po deszczu?&#8221; &#8212; NOTABENE.WORLD\" data-secret=\"Cx0epS6cHl\" frameborder=\"0\" marginwidth=\"0\" marginheight=\"0\" scrolling=\"no\" class=\"wp-embedded-content\"><\/iframe><script type=\"text\/javascript\">\n\/* <![CDATA[ *\/\n\/*! This file is auto-generated *\/\n!function(d,l){\"use strict\";l.querySelector&&d.addEventListener&&\"undefined\"!=typeof URL&&(d.wp=d.wp||{},d.wp.receiveEmbedMessage||(d.wp.receiveEmbedMessage=function(e){var t=e.data;if((t||t.secret||t.message||t.value)&&!\/[^a-zA-Z0-9]\/.test(t.secret)){for(var s,r,n,a=l.querySelectorAll('iframe[data-secret=\"'+t.secret+'\"]'),o=l.querySelectorAll('blockquote[data-secret=\"'+t.secret+'\"]'),c=new RegExp(\"^https?:$\",\"i\"),i=0;i<o.length;i++)o[i].style.display=\"none\";for(i=0;i<a.length;i++)s=a[i],e.source===s.contentWindow&&(s.removeAttribute(\"style\"),\"height\"===t.message?(1e3<(r=parseInt(t.value,10))?r=1e3:~~r<200&&(r=200),s.height=r):\"link\"===t.message&&(r=new URL(s.getAttribute(\"src\")),n=new URL(t.value),c.test(n.protocol))&&n.host===r.host&&l.activeElement===s&&(d.top.location.href=t.value))}},d.addEventListener(\"message\",d.wp.receiveEmbedMessage,!1),l.addEventListener(\"DOMContentLoaded\",function(){for(var e,t,s=l.querySelectorAll(\"iframe.wp-embedded-content\"),r=0;r<s.length;r++)(t=(e=s[r]).getAttribute(\"data-secret\"))||(t=Math.random().toString(36).substring(2,12),e.src+=\"#?secret=\"+t,e.setAttribute(\"data-secret\",t)),e.contentWindow.postMessage({message:\"ready\",secret:t},\"*\")},!1)))}(window,document);\n\/\/# sourceURL=https:\/\/notabene.world\/nb\/wp-includes\/js\/wp-embed.min.js\n\/* ]]> *\/\n<\/script>\n","thumbnail_url":"https:\/\/notabene.world\/nb\/wp-content\/uploads\/2025\/07\/par.jpg","thumbnail_width":800,"thumbnail_height":445,"description":"W Pary\u017cu bywam raz na jaki\u015b czas, lecz my\u015bl\u0119 o nim prawie codziennie - zazwyczaj przy porannej kawie. Podobno w tym \"najbardziej romantycznym mie\u015bcie Europy\" wszystko zdarzy\u0107 si\u0119 mo\u017ce. Nad Pary\u017cem zazwyczaj tylko sporadycznie pojawiaj\u0105 si\u0119 ciemne chmury, nie warto wi\u0119c martwi\u0107 si\u0119, \u017ce zaraz znowu zacznie la\u0107 - chyba \u017ce przelotnie. Odruchowo, niejako na wszelki wypadek nosi si\u0119 tam jednak ze sob\u0105 parasol automatyczny, co to otwiera si\u0119 b\u0142yskawicznie, gdy tylko spadnie z nieba cho\u0107by odrobina deszczu. Parasol mo\u017ce by\u0107 t\u0119czowy, kolorowy: wymalowany w wielobarwne krople spodziewanych opad\u00f3w. Wiadomo przecie\u017c nie od dzi\u015b, \u017ce im bardziej kolorowy parasol, tym bardziej kolorowy deszcz, czyli szybciej przestanie pada\u0107.\u00a0 Tak samo jest nad Pacyfikiem, od Valparaiso w Chile po kanadyjsk\u0105 Victori\u0119 na Wyspie Vancouver. Nie inaczej jest nad Atlantykiem, gdy\u017c po deszczu zawsze przychodzi s\u0142o\u0144ce. Nad Zatok\u0105 Persko-Arabsk\u0105 deszcz pada \u015brednio dwa-trzy dni w roku. Rzuca si\u0119 wtedy wszystko i p\u0119dzi na pustyni\u0119, by najpierw ta\u0144czy\u0107 w deszczu, a potem podziwia\u0107 t\u0119cz\u0119 oraz rozkwitaj\u0105c\u0105 nagle pustyni\u0119. Wszyscy wierz\u0105, \u017ce skoro Allah (tak, to ten sam) zes\u0142a\u0142 deszcz, to spotyka ich oto wielkie szcz\u0119\u015bcie i nawet ewentualna kilkudniowa pow\u00f3d\u017a w Dubaju z ca\u0142\u0105 pewno\u015bci\u0105 tego nie zmieni. Ciemne chmury i \u017celazna kurtyna trwa\u0142y w naszej cz\u0119\u015bci Europy o wiele lat za d\u0142ugo. St\u0105d te\u017c, gdy 21 lat temu dotar\u0142o wreszcie i do nas to wielkie szcz\u0119\u015bcie powi\u0119kszenia Unii Europejskiej na wsch\u00f3d, wielu z niedowierzaniem i sceptycyzmem odbiera\u0142o fakt, \u017ce oto zdarzy\u0142 si\u0119 za \u017cycia naszego pokolenia prawdziwy cud."}