{"version":"1.0","provider_name":"NOTABENE.WORLD","provider_url":"https:\/\/notabene.world\/nb","author_name":"Aleksandra Walkowiak","author_url":"https:\/\/notabene.world\/nb\/author\/ola-wal\/","title":"Wspomnienie o nas \"Pani Nauczycielki\" - NOTABENE.WORLD","type":"rich","width":600,"height":338,"html":"<blockquote class=\"wp-embedded-content\" data-secret=\"ZsKX4KxvaB\"><a href=\"https:\/\/notabene.world\/nb\/wspomnienie-pani-nauczycielki\/\">Wspomnienie o nas &#8222;Pani Nauczycielki&#8221;<\/a><\/blockquote><iframe sandbox=\"allow-scripts\" security=\"restricted\" src=\"https:\/\/notabene.world\/nb\/wspomnienie-pani-nauczycielki\/embed\/#?secret=ZsKX4KxvaB\" width=\"600\" height=\"338\" title=\"&#8222;Wspomnienie o nas &#8222;Pani Nauczycielki&#8221;&#8221; &#8212; NOTABENE.WORLD\" data-secret=\"ZsKX4KxvaB\" frameborder=\"0\" marginwidth=\"0\" marginheight=\"0\" scrolling=\"no\" class=\"wp-embedded-content\"><\/iframe><script type=\"text\/javascript\">\n\/* <![CDATA[ *\/\n\/*! This file is auto-generated *\/\n!function(d,l){\"use strict\";l.querySelector&&d.addEventListener&&\"undefined\"!=typeof URL&&(d.wp=d.wp||{},d.wp.receiveEmbedMessage||(d.wp.receiveEmbedMessage=function(e){var t=e.data;if((t||t.secret||t.message||t.value)&&!\/[^a-zA-Z0-9]\/.test(t.secret)){for(var s,r,n,a=l.querySelectorAll('iframe[data-secret=\"'+t.secret+'\"]'),o=l.querySelectorAll('blockquote[data-secret=\"'+t.secret+'\"]'),c=new RegExp(\"^https?:$\",\"i\"),i=0;i<o.length;i++)o[i].style.display=\"none\";for(i=0;i<a.length;i++)s=a[i],e.source===s.contentWindow&&(s.removeAttribute(\"style\"),\"height\"===t.message?(1e3<(r=parseInt(t.value,10))?r=1e3:~~r<200&&(r=200),s.height=r):\"link\"===t.message&&(r=new URL(s.getAttribute(\"src\")),n=new URL(t.value),c.test(n.protocol))&&n.host===r.host&&l.activeElement===s&&(d.top.location.href=t.value))}},d.addEventListener(\"message\",d.wp.receiveEmbedMessage,!1),l.addEventListener(\"DOMContentLoaded\",function(){for(var e,t,s=l.querySelectorAll(\"iframe.wp-embedded-content\"),r=0;r<s.length;r++)(t=(e=s[r]).getAttribute(\"data-secret\"))||(t=Math.random().toString(36).substring(2,12),e.src+=\"#?secret=\"+t,e.setAttribute(\"data-secret\",t)),e.contentWindow.postMessage({message:\"ready\",secret:t},\"*\")},!1)))}(window,document);\n\/\/# sourceURL=https:\/\/notabene.world\/nb\/wp-includes\/js\/wp-embed.min.js\n\/* ]]> *\/\n<\/script>\n","thumbnail_url":"https:\/\/notabene.world\/nb\/wp-content\/uploads\/2025\/08\/pjaw.jpg","thumbnail_width":800,"thumbnail_height":445,"description":"Wspomnienie \u201e\u017ceromskich czas\u00f3w\u201d w moim \u017cyciu nie jest zadaniem \u0142atwym z wielu powod\u00f3w, z kt\u00f3rych dziel\u0105ce mnie trzydzie\u015bci pi\u0119\u0107 lat od zako\u0144czenia wieloletniej pracy w tym liceum\u00a0 wydaje si\u0119 najbardziej banalne. Dwadzie\u015bcia lat funkcjonowania jako nauczycielka j\u0119zyka polskiego i literatury oznacza, \u017ce mia\u0142am mo\u017cliwo\u015b\u0107 poznania oko\u0142o o\u015bmiuset m\u0142odych ludzi, a w ci\u0105gu ich czteroletniej edukacji, do\u015bwiadcza\u0107\u00a0 razem z nimi wielu niezwyk\u0142ych prze\u017cy\u0107 wynikaj\u0105cych nie tylko z analizy dzie\u0142 literackich, ale r\u00f3wnie\u017c z postrzegania \u015bwiata, oceniania rzeczywisto\u015bci, kt\u00f3ra nigdy nie jest jednoznaczna i oczywista. Tym razem jednak przytocz\u0119 relacj\u0119 z dw\u00f3ch wydarze\u0144, kt\u00f3re by\u0142y zwi\u0105zane nie tyle z do\u015b\u0107 bezwzgl\u0119dnie egzekwowanym od nauczyciela stosowaniem procesu dydaktycznego, ile raczej z poszukiwaniem sposobu, jak ten proces omin\u0105\u0107.\u00a0 Pierwsza historia wi\u0105\u017ce si\u0119 z analiz\u0105 II cz\u0119\u015bci \"Dziad\u00f3w\"\u00a0 Adama Mickiewicza. Nawi\u0105zuj\u0105c do\u00a0 genezy dramatu zaproponowa\u0142am uczniom, \u017ceby\u015bmy wsp\u00f3lnie po prostu odczytali ten utw\u00f3r w starej kaplicy, kt\u00f3r\u0105 wcze\u015bniej wybra\u0142am na jednym z\u00a0 cmentarzy zarz\u0105dzanym przez kancelari\u0119 kieleckiego ko\u015bcio\u0142a katedralnego. Nie by\u0142am pewna, do kogo konkretnie powinnam si\u0119 zwr\u00f3ci\u0107, by odnale\u017c\u0107 w\u0142a\u015bcicieli, ale uczniowie zapewnili mnie, \u017ce sami o to zapytaj\u0105 podczas lekcji religii, na kt\u00f3r\u0105 ucz\u0119szczaj\u0105 w\u0142a\u015bnie do tego ko\u015bcio\u0142a. Reperkusje tej lekcji by\u0142y znamienne:\u00a0 z jednej strony nastapi\u0142a reprymenda od dyrektora za \u201enara\u017canie uczni\u00f3w na niebezpecze\u0144stwo i czy rodzice wiedzieli\u201d (a oczywi\u015bcie wiedzieli) i \u201edlaczego nie zapyta\u0142am prze\u0142o\u017conych o pozwolenie\u201d (a oczywi\u015bcie nie zapyta\u0142am). Z drugiej strony zacz\u0119li si\u0119 do mnie zg\u0142asza\u0107 uczniowie z r\u00f3wnoleg\u0142ych klas z pytaniem, czy oni te\u017c by mogli odby\u0107 tak\u0105 lekcj\u0119 jak tamta klasa\u00a0 i to pytanie powtarza\u0142o si\u0119 jeszcze przez par\u0119 kolejnych rocznik\u00f3w, \u017ce s\u0142yszeli i \u017ce te\u017c by chcieli... Drugie wydarzenie, kt\u00f3re jeszcze bardziej zapisa\u0142o si\u0119 w mojej pami\u0119ci to przygotowanie wsp\u00f3lnie z uczniami widowiska w modnej w\u00f3wczas konwencji \u201e\u015bwiat\u0142o i d\u017awi\u0119k\u201d w oparciu o \u201ePuszcz\u0119 Jod\u0142ow\u0105\u201d, przepi\u0119knego oratorium napisanego przez Stefana \u017beromskiego kr\u00f3tko przed \u015bmierci\u0105 w ho\u0142dzie dla jego \"g\u00f3r domowych\u201d."}